{"id":1863,"date":"2017-10-23T16:42:37","date_gmt":"2017-10-23T16:42:37","guid":{"rendered":"https:\/\/anadelalberti.com\/events-2\/"},"modified":"2023-08-14T20:27:57","modified_gmt":"2023-08-14T20:27:57","slug":"events-2","status":"publish","type":"page","link":"https:\/\/anadelalberti.com\/es\/events-2\/","title":{"rendered":"Events"},"content":{"rendered":"<p>[et_pb_section fb_built=\u00bb1&#8243; custom_padding_last_edited=\u00bbon|desktop\u00bb admin_label=\u00bbsection\u00bb _builder_version=\u00bb4.16&#8243; background_color=\u00bb#e8e8e8&#8243; custom_padding=\u00bb-2px|-2px|-2px|-2px\u00bb custom_padding_tablet=\u00bb50px|0|50px|0&#8243; custom_padding_phone=\u00bb50px|0|50px|0&#8243; transparent_background=\u00bboff\u00bb padding_mobile=\u00bboff\u00bb make_fullwidth=\u00bboff\u00bb use_custom_width=\u00bboff\u00bb width_unit=\u00bbon\u00bb global_colors_info=\u00bb{}\u00bb][et_pb_row admin_label=\u00bbrow\u00bb _builder_version=\u00bb4.16&#8243; background_size=\u00bbinitial\u00bb background_position=\u00bbtop_left\u00bb background_repeat=\u00bbrepeat\u00bb global_colors_info=\u00bb{}\u00bb][et_pb_column type=\u00bb4_4&#8243; _builder_version=\u00bb4.16&#8243; custom_padding=\u00bb|||\u00bb global_colors_info=\u00bb{}\u00bb custom_padding__hover=\u00bb|||\u00bb][et_pb_text admin_label=\u00bbText\u00bb _builder_version=\u00bb4.19.1&#8243; background_size=\u00bbinitial\u00bb background_position=\u00bbtop_left\u00bb background_repeat=\u00bbrepeat\u00bb use_border_color=\u00bboff\u00bb border_color=\u00bb#ffffff\u00bb border_style=\u00bbsolid\u00bb global_colors_info=\u00bb{}\u00bb]<\/p>\n<h2>Pr\u00f3ximos Eventos<\/h2>\n<p>[\/et_pb_text][\/et_pb_column][\/et_pb_row][\/et_pb_section][et_pb_section fb_built=\u00bb1&#8243; admin_label=\u00bbsection\u00bb _builder_version=\u00bb4.16&#8243; min_height=\u00bb189px\u00bb global_colors_info=\u00bb{}\u00bb][et_pb_row column_structure=\u00bb2_5,3_5&#8243; _builder_version=\u00bb4.19.4&#8243; _module_preset=\u00bbdefault\u00bb global_colors_info=\u00bb{}\u00bb][et_pb_column type=\u00bb2_5&#8243; _builder_version=\u00bb4.19.4&#8243; _module_preset=\u00bbdefault\u00bb global_colors_info=\u00bb{}\u00bb][et_pb_image src=\u00bbhttps:\/\/anadelalberti.com\/wp-content\/uploads\/2023\/01\/IMG_2374-2-scaled.jpg\u00bb title_text=\u00bbIMG_2374 2&#8243; _builder_version=\u00bb4.19.4&#8243; _module_preset=\u00bbdefault\u00bb width=\u00bb82%\u00bb global_colors_info=\u00bb{}\u00bb][\/et_pb_image][\/et_pb_column][et_pb_column type=\u00bb3_5&#8243; _builder_version=\u00bb4.19.4&#8243; _module_preset=\u00bbdefault\u00bb global_colors_info=\u00bb{}\u00bb][et_pb_text _builder_version=\u00bb4.19.4&#8243; _module_preset=\u00bbdefault\u00bb global_colors_info=\u00bb{}\u00bb]<\/p>\n<h2><\/h2>\n<h2><\/h2>\n<h2><\/h2>\n<h2><span class=\"S1PPyQ\">Grabaci\u00f3n podcast &#8211; Siempre Fel\u00ed\u00a0<\/span><\/h2>\n<p>&nbsp;<\/p>\n<p>Agosto 22, 2023<\/p>\n<p>Virtual<\/p>\n<p>&nbsp;<\/p>\n<p>[\/et_pb_text][\/et_pb_column][\/et_pb_row][et_pb_row column_structure=\u00bb2_5,3_5&#8243; _builder_version=\u00bb4.19.4&#8243; _module_preset=\u00bbdefault\u00bb global_colors_info=\u00bb{}\u00bb][et_pb_column type=\u00bb2_5&#8243; _builder_version=\u00bb4.19.4&#8243; _module_preset=\u00bbdefault\u00bb global_colors_info=\u00bb{}\u00bb][et_pb_image src=\u00bbhttps:\/\/anadelalberti.com\/wp-content\/uploads\/2023\/08\/WhatsApp-Image-2023-07-26-at-2.05.46-PM-2.jpeg\u00bb title_text=\u00bbWhatsApp Image 2023-07-26 at 2.05.46 PM (2)\u00bb _builder_version=\u00bb4.19.4&#8243; _module_preset=\u00bbdefault\u00bb width=\u00bb83%\u00bb global_colors_info=\u00bb{}\u00bb][\/et_pb_image][\/et_pb_column][et_pb_column type=\u00bb3_5&#8243; _builder_version=\u00bb4.19.4&#8243; _module_preset=\u00bbdefault\u00bb global_colors_info=\u00bb{}\u00bb][et_pb_text _builder_version=\u00bb4.19.4&#8243; _module_preset=\u00bbdefault\u00bb global_colors_info=\u00bb{}\u00bb]<\/p>\n<h3><span><\/span><\/h3>\n<h3><span>THE WELLNESS CONNECTION<\/span><\/h3>\n<p>Keynote \u2013 Importancia de SERvir para Re-Conectar con Nuestro Bienestar<span><\/span><\/p>\n<p>Agosto 27, 2023<\/p>\n<p>Miami, FL\u00a0<\/p>\n<p><a href=\"https:\/\/dominicansistersclub.com\/wellness-connection-2023-sp\/\">M\u00e1s Informaci\u00f3n Aqu\u00ed\u00a0<\/a><\/p>\n<h2><\/h2>\n<p>[\/et_pb_text][\/et_pb_column][\/et_pb_row][et_pb_row column_structure=\u00bb2_5,3_5&#8243; _builder_version=\u00bb4.19.4&#8243; _module_preset=\u00bbdefault\u00bb global_colors_info=\u00bb{}\u00bb][et_pb_column type=\u00bb2_5&#8243; _builder_version=\u00bb4.19.4&#8243; _module_preset=\u00bbdefault\u00bb global_colors_info=\u00bb{}\u00bb][et_pb_image src=\u00bbhttps:\/\/anadelalberti.com\/wp-content\/uploads\/2023\/08\/Screen-Shot-2023-08-14-at-4.22.09-PM.png\u00bb title_text=\u00bbScreen Shot 2023-08-14 at 4.22.09 PM\u00bb _builder_version=\u00bb4.19.4&#8243; _module_preset=\u00bbdefault\u00bb width=\u00bb83%\u00bb global_colors_info=\u00bb{}\u00bb][\/et_pb_image][\/et_pb_column][et_pb_column type=\u00bb3_5&#8243; _builder_version=\u00bb4.19.4&#8243; _module_preset=\u00bbdefault\u00bb global_colors_info=\u00bb{}\u00bb][et_pb_text _builder_version=\u00bb4.19.4&#8243; _module_preset=\u00bbdefault\u00bb global_colors_info=\u00bb{}\u00bb]<\/p>\n<h3>RE-CONECTA CON LA ABUNDANCIA, EL \u00c9XITO Y LA PAZ \u2013 2da EDIci\u00f3N<\/h3>\n<p><strong>Septiembre 13 &#8211;\u00a0Octubre\u00a018, 2023<\/strong><\/p>\n<p>Taller Virtual de 6 semanas<\/p>\n<p><a href=\"https:\/\/anadelalberti.mykajabi.com\/reconecta-con-la-abundancia-el-exito-y-la-paz-1\">Inscr\u00edbete Aqu\u00ed<\/a><\/p>\n<p>&nbsp;<\/p>\n<p>[\/et_pb_text][\/et_pb_column][\/et_pb_row][\/et_pb_section][et_pb_section fb_built=\u00bb1&#8243; custom_padding_last_edited=\u00bbon|desktop\u00bb admin_label=\u00bbsection\u00bb _builder_version=\u00bb4.16&#8243; background_color=\u00bb#e8e8e8&#8243; min_height=\u00bb153px\u00bb custom_padding_tablet=\u00bb50px|0|50px|0&#8243; custom_padding_phone=\u00bb50px|0|50px|0&#8243; transparent_background=\u00bboff\u00bb padding_mobile=\u00bboff\u00bb make_fullwidth=\u00bboff\u00bb use_custom_width=\u00bboff\u00bb width_unit=\u00bbon\u00bb global_colors_info=\u00bb{}\u00bb][et_pb_row admin_label=\u00bbrow\u00bb _builder_version=\u00bb4.16&#8243; background_size=\u00bbinitial\u00bb background_position=\u00bbtop_left\u00bb background_repeat=\u00bbrepeat\u00bb global_colors_info=\u00bb{}\u00bb][et_pb_column type=\u00bb4_4&#8243; _builder_version=\u00bb4.16&#8243; custom_padding=\u00bb|||\u00bb global_colors_info=\u00bb{}\u00bb custom_padding__hover=\u00bb|||\u00bb][et_pb_text admin_label=\u00bbText\u00bb _builder_version=\u00bb4.16&#8243; background_size=\u00bbinitial\u00bb background_position=\u00bbtop_left\u00bb background_repeat=\u00bbrepeat\u00bb use_border_color=\u00bboff\u00bb border_color=\u00bb#ffffff\u00bb border_style=\u00bbsolid\u00bb global_colors_info=\u00bb{}\u00bb]<\/p>\n<h2>Compromisos Pasados<\/h2>\n<p>[\/et_pb_text][\/et_pb_column][\/et_pb_row][\/et_pb_section][et_pb_section fb_built=\u00bb1&#8243; admin_label=\u00bbsection\u00bb _builder_version=\u00bb4.16&#8243; global_colors_info=\u00bb{}\u00bb][et_pb_row admin_label=\u00bbrow\u00bb _builder_version=\u00bb4.16&#8243; background_size=\u00bbinitial\u00bb background_position=\u00bbtop_left\u00bb background_repeat=\u00bbrepeat\u00bb min_height=\u00bb727.1px\u00bb global_colors_info=\u00bb{}\u00bb][et_pb_column type=\u00bb4_4&#8243; _builder_version=\u00bb4.16&#8243; custom_padding=\u00bb|||\u00bb global_colors_info=\u00bb{}\u00bb custom_padding__hover=\u00bb|||\u00bb][et_pb_text admin_label=\u00bbText\u00bb _builder_version=\u00bb4.16&#8243; background_size=\u00bbinitial\u00bb background_position=\u00bbtop_left\u00bb background_repeat=\u00bbrepeat\u00bb use_border_color=\u00bboff\u00bb border_color=\u00bb#ffffff\u00bb border_style=\u00bbsolid\u00bb global_colors_info=\u00bb{}\u00bb]<\/p>\n<h3><strong>2023<\/strong><strong><\/strong><\/h3>\n<p>Julio 17 &#8211; Re-Wired for Success &#8211; Fearless People &#8211; Equipo Monat &#8211; Virtual\u00a0<\/p>\n<p>Mayo 21 \u2013 La Importancia del Servicio para Crecer como Seres Integrales \u2013 Conferencia Feliz y Casada \u2013 Virtual<\/p>\n<p>Abril 27 \u2013 Bring Your Kid to Work Day Trainings (Yoga, Mindfulness, Vision Creation) \u2013 Coastal Construction \u2013 Miami, FL\u00a0<\/p>\n<p>Abril 12 \u2013 C\u00f3mo Regular el Desbalance Hormonal a trav\u00e9s del Manejo de Estr\u00e9s \u2013 BUPA Latin America \u2013 Virtual<\/p>\n<p>Abril 4 \u2013 The Key to Lead Conversion, Unlocking Growth and Leaving a Lasting Legacy in Your Marketing! \u2013 Miami Made \u2013 Miami, FL<\/p>\n<p>Marzo 9 &#8211; Autenticidad Audaz: La Clave Para Desbloquear El Crecimiento y Dejar un Legado (PLUSVAL, Rep\u00fablica Dominicana) &#8211; Charla Virtual\u00a0<\/p>\n<p>Marzo 3 \u2013 Conecta con Tus Pasiones, Dise\u00f1a tu Visi\u00f3n y Manifiesta tu Futuro (Taller) &#8211; Para Iniciativa Soy Ni\u00f1a Soy Important &#8211; Miami, FL<\/p>\n<p><strong><\/strong><\/p>\n<h3><strong>2022<\/strong><\/h3>\n<p>Diciembre 3 \u2013 Taller Descubre tus Pasiones\u00a0 \u2013 Virtual\u00a0<\/p>\n<p>Octubre 19 \u2013 Taller Descubre tus Pasiones \u2013 Virtual\u00a0<\/p>\n<p>Octubre 15 \u2013 Masterclass \u2013 Virtual\u00a0<\/p>\n<p>Octubre 13 \u2013 Monat (Fearless People Team) \u2013 Virtual\u00a0<\/p>\n<p>Septiembre 23 \u2013 3D Brows \u2013 Miami, FL\u00a0<\/p>\n<p>Junio 28 \u2013 MercaSID \u2013 Santo Domingo, Rep\u00fablica Dominicana\u00a0\u00a0<\/p>\n<p>Mayo 14 \u2013 Negocio por Dise\u00f1o Weekend (Vivesmart) \u2013 Virtual<\/p>\n<p>Marzo 30 \u2013 Taller Influencer por Dise\u00f1o (Vivesmart) \u2013 Virtual<\/p>\n<p>Enero 29 \u2013 Negocio por Dise\u00f1o Weekend (Vivesmart) \u2013 Virtual<strong><\/strong><\/p>\n<p><strong><\/strong><\/p>\n<p><strong><\/strong><\/p>\n<h3><strong>2021<\/strong><\/h3>\n<p>Septiembre 13 \u2013 Negocio por Dise\u00f1o Weekend\u00a0 (Vivesmart) \u2013 Virtual<\/p>\n<p>Agosto \u2013 Sept \u2013 6 Week Workshop Influence by Design \u2013 Virtual<\/p>\n<p>Mayo 20 \u2013 L\u2019Oreal Cosmetics \u2013 Virtual<\/p>\n<p>Abril 18 \u2013 Negocio por Dise\u00f1o Weekend (Vivesmart) \u2013 Virtual<\/p>\n<p>Enero 29 \u2013 Negocio por Dise\u00f1o Weekend (Vivesmart) \u2013 Virtual<\/p>\n<p>[\/et_pb_text][\/et_pb_column][\/et_pb_row][\/et_pb_section]<\/p>\n","protected":false},"excerpt":{"rendered":"<p>Pr\u00f3ximos Eventos Grabaci\u00f3n podcast &#8211; Siempre Fel\u00ed\u00a0 &nbsp; Agosto 22, 2023 Virtual &nbsp; THE WELLNESS CONNECTION Keynote \u2013 Importancia de SERvir para Re-Conectar con Nuestro Bienestar Agosto 27, 2023 Miami, FL\u00a0 M\u00e1s Informaci\u00f3n Aqu\u00ed\u00a0 RE-CONECTA CON LA ABUNDANCIA, EL \u00c9XITO Y LA PAZ \u2013 2da EDIci\u00f3N Septiembre 13 &#8211;\u00a0Octubre\u00a018, 2023 Taller Virtual de 6 semanas [&hellip;]<\/p>\n","protected":false},"author":2,"featured_media":0,"parent":0,"menu_order":0,"comment_status":"closed","ping_status":"closed","template":"","meta":{"_et_pb_use_builder":"on","_et_pb_old_content":"","_et_gb_content_width":"","_exactmetrics_skip_tracking":false,"_exactmetrics_sitenote_active":false,"_exactmetrics_sitenote_note":"","_exactmetrics_sitenote_category":0,"footnotes":""},"class_list":["post-1863","page","type-page","status-publish","hentry"],"yoast_head":"<!-- This site is optimized with the Yoast SEO plugin v27.4 - https:\/\/yoast.com\/product\/yoast-seo-wordpress\/ -->\n<title>Events - Anadel Alberti<\/title>\n<meta name=\"robots\" content=\"index, follow, max-snippet:-1, max-image-preview:large, max-video-preview:-1\" \/>\n<link rel=\"canonical\" href=\"https:\/\/anadelalberti.com\/es\/events-2\/\" \/>\n<meta property=\"og:locale\" content=\"es_ES\" \/>\n<meta property=\"og:type\" content=\"article\" \/>\n<meta property=\"og:title\" content=\"Events - Anadel Alberti\" \/>\n<meta property=\"og:description\" content=\"Pr\u00f3ximos Eventos Grabaci\u00f3n podcast - Siempre Fel\u00ed\u00a0 &nbsp; Agosto 22, 2023 Virtual &nbsp; THE WELLNESS CONNECTION Keynote \u2013 Importancia de SERvir para Re-Conectar con Nuestro Bienestar Agosto 27, 2023 Miami, FL\u00a0 M\u00e1s Informaci\u00f3n Aqu\u00ed\u00a0 RE-CONECTA CON LA ABUNDANCIA, EL \u00c9XITO Y LA PAZ \u2013 2da EDIci\u00f3N Septiembre 13 -\u00a0Octubre\u00a018, 2023 Taller Virtual de 6 semanas [&hellip;]\" \/>\n<meta property=\"og:url\" content=\"https:\/\/anadelalberti.com\/es\/events-2\/\" \/>\n<meta property=\"og:site_name\" content=\"Anadel Alberti\" \/>\n<meta property=\"article:publisher\" content=\"https:\/\/www.facebook.com\/anadelalberti\/\" \/>\n<meta property=\"article:modified_time\" content=\"2023-08-14T20:27:57+00:00\" \/>\n<meta name=\"twitter:card\" content=\"summary_large_image\" \/>\n<meta name=\"twitter:site\" content=\"@anadelalberti\" \/>\n<meta name=\"twitter:label1\" content=\"Tiempo de lectura\" \/>\n\t<meta name=\"twitter:data1\" content=\"5 minutos\" \/>\n<script type=\"application\/ld+json\" class=\"yoast-schema-graph\">{\"@context\":\"https:\\\/\\\/schema.org\",\"@graph\":[{\"@type\":\"WebPage\",\"@id\":\"https:\\\/\\\/anadelalberti.com\\\/es\\\/events-2\\\/\",\"url\":\"https:\\\/\\\/anadelalberti.com\\\/es\\\/events-2\\\/\",\"name\":\"Events - Anadel Alberti\",\"isPartOf\":{\"@id\":\"https:\\\/\\\/anadelalberti.com\\\/es\\\/#website\"},\"datePublished\":\"2017-10-23T16:42:37+00:00\",\"dateModified\":\"2023-08-14T20:27:57+00:00\",\"inLanguage\":\"es\",\"potentialAction\":[{\"@type\":\"ReadAction\",\"target\":[\"https:\\\/\\\/anadelalberti.com\\\/es\\\/events-2\\\/\"]}]},{\"@type\":\"WebSite\",\"@id\":\"https:\\\/\\\/anadelalberti.com\\\/es\\\/#website\",\"url\":\"https:\\\/\\\/anadelalberti.com\\\/es\\\/\",\"name\":\"Anadel Alberti\",\"description\":\"WELLNESS &amp; HAPPINESS AMBASSADOR\",\"potentialAction\":[{\"@type\":\"SearchAction\",\"target\":{\"@type\":\"EntryPoint\",\"urlTemplate\":\"https:\\\/\\\/anadelalberti.com\\\/es\\\/?s={search_term_string}\"},\"query-input\":{\"@type\":\"PropertyValueSpecification\",\"valueRequired\":true,\"valueName\":\"search_term_string\"}}],\"inLanguage\":\"es\"}]}<\/script>\n<!-- \/ Yoast SEO plugin. -->","yoast_head_json":{"title":"Events - Anadel Alberti","robots":{"index":"index","follow":"follow","max-snippet":"max-snippet:-1","max-image-preview":"max-image-preview:large","max-video-preview":"max-video-preview:-1"},"canonical":"https:\/\/anadelalberti.com\/es\/events-2\/","og_locale":"es_ES","og_type":"article","og_title":"Events - Anadel Alberti","og_description":"Pr\u00f3ximos Eventos Grabaci\u00f3n podcast - Siempre Fel\u00ed\u00a0 &nbsp; Agosto 22, 2023 Virtual &nbsp; THE WELLNESS CONNECTION Keynote \u2013 Importancia de SERvir para Re-Conectar con Nuestro Bienestar Agosto 27, 2023 Miami, FL\u00a0 M\u00e1s Informaci\u00f3n Aqu\u00ed\u00a0 RE-CONECTA CON LA ABUNDANCIA, EL \u00c9XITO Y LA PAZ \u2013 2da EDIci\u00f3N Septiembre 13 -\u00a0Octubre\u00a018, 2023 Taller Virtual de 6 semanas [&hellip;]","og_url":"https:\/\/anadelalberti.com\/es\/events-2\/","og_site_name":"Anadel Alberti","article_publisher":"https:\/\/www.facebook.com\/anadelalberti\/","article_modified_time":"2023-08-14T20:27:57+00:00","twitter_card":"summary_large_image","twitter_site":"@anadelalberti","twitter_misc":{"Tiempo de lectura":"5 minutos"},"schema":{"@context":"https:\/\/schema.org","@graph":[{"@type":"WebPage","@id":"https:\/\/anadelalberti.com\/es\/events-2\/","url":"https:\/\/anadelalberti.com\/es\/events-2\/","name":"Events - Anadel Alberti","isPartOf":{"@id":"https:\/\/anadelalberti.com\/es\/#website"},"datePublished":"2017-10-23T16:42:37+00:00","dateModified":"2023-08-14T20:27:57+00:00","inLanguage":"es","potentialAction":[{"@type":"ReadAction","target":["https:\/\/anadelalberti.com\/es\/events-2\/"]}]},{"@type":"WebSite","@id":"https:\/\/anadelalberti.com\/es\/#website","url":"https:\/\/anadelalberti.com\/es\/","name":"Anadel Alberti","description":"WELLNESS &amp; HAPPINESS AMBASSADOR","potentialAction":[{"@type":"SearchAction","target":{"@type":"EntryPoint","urlTemplate":"https:\/\/anadelalberti.com\/es\/?s={search_term_string}"},"query-input":{"@type":"PropertyValueSpecification","valueRequired":true,"valueName":"search_term_string"}}],"inLanguage":"es"}]}},"_links":{"self":[{"href":"https:\/\/anadelalberti.com\/es\/wp-json\/wp\/v2\/pages\/1863","targetHints":{"allow":["GET"]}}],"collection":[{"href":"https:\/\/anadelalberti.com\/es\/wp-json\/wp\/v2\/pages"}],"about":[{"href":"https:\/\/anadelalberti.com\/es\/wp-json\/wp\/v2\/types\/page"}],"author":[{"embeddable":true,"href":"https:\/\/anadelalberti.com\/es\/wp-json\/wp\/v2\/users\/2"}],"replies":[{"embeddable":true,"href":"https:\/\/anadelalberti.com\/es\/wp-json\/wp\/v2\/comments?post=1863"}],"version-history":[{"count":8,"href":"https:\/\/anadelalberti.com\/es\/wp-json\/wp\/v2\/pages\/1863\/revisions"}],"predecessor-version":[{"id":2590,"href":"https:\/\/anadelalberti.com\/es\/wp-json\/wp\/v2\/pages\/1863\/revisions\/2590"}],"wp:attachment":[{"href":"https:\/\/anadelalberti.com\/es\/wp-json\/wp\/v2\/media?parent=1863"}],"curies":[{"name":"wp","href":"https:\/\/api.w.org\/{rel}","templated":true}]}}